{"id":3615,"date":"2018-11-17T17:53:44","date_gmt":"2018-11-17T21:53:44","guid":{"rendered":"https:\/\/centreforlocalprosperity.ca\/?post_type=tribe_events&#038;p=3615"},"modified":"2018-11-17T17:57:21","modified_gmt":"2018-11-17T21:57:21","slug":"climate-change-and-the-human-prospect-9","status":"publish","type":"tribe_events","link":"https:\/\/centreforlocalprosperity.ca\/fr\/event\/climate-change-and-the-human-prospect-9\/","title":{"rendered":"Le changement climatique et l\u2019avenir de l\u2019humanit\u00e9"},"content":{"rendered":"<h3><strong><a href=\"https:\/\/centreforlocalprosperity.ca\/wp-content\/uploads\/2018\/08\/7848d097-b12a-484a-b1aa-ea50c06e1fe6.jpg\"><img loading=\"lazy\" decoding=\"async\" class=\"size-medium wp-image-3486 alignleft\" src=\"https:\/\/centreforlocalprosperity.ca\/wp-content\/uploads\/2018\/08\/7848d097-b12a-484a-b1aa-ea50c06e1fe6-300x114.jpg\" alt=\"\" width=\"300\" height=\"114\" srcset=\"https:\/\/centreforlocalprosperity.ca\/wp-content\/uploads\/2018\/08\/7848d097-b12a-484a-b1aa-ea50c06e1fe6-300x114.jpg 300w, https:\/\/centreforlocalprosperity.ca\/wp-content\/uploads\/2018\/08\/7848d097-b12a-484a-b1aa-ea50c06e1fe6-768x292.jpg 768w, https:\/\/centreforlocalprosperity.ca\/wp-content\/uploads\/2018\/08\/7848d097-b12a-484a-b1aa-ea50c06e1fe6.jpg 820w\" sizes=\"auto, (max-width: 300px) 100vw, 300px\" \/><\/a>Un documentaire de la <\/strong><strong>CENTRE POUR LA PROSP\u00c9RIT\u00c9 LOCALE<br \/>\n<\/strong><\/h3>\n<h4><strong>La r\u00e9alisatrice Andrea Vandenboer <\/strong><strong>Montage musical et sonore par Dillon Tonkin<\/strong><\/h4>\n<div class=\"gmail_default\"><strong><em>Comprendra un dialogue sur les solutions au changement climatique par <\/em><\/strong><\/div>\n<div class=\"gmail_default\"><strong><em>Le pr\u00e9fet Timothy Habinski et le conseiller municipal Gregory Heming<\/em><\/strong><\/div>\n<p><span style=\"font-size: 12pt; color: #000000;\"><strong>Entr\u00e9e sur donation<\/strong><\/span><\/p>\n<p><span style=\"font-size: 12pt; color: #000000;\">Nous savons que nous n\u2019avons plus aucune chance de nous en sortir. Le r\u00e9chauffement climatique ne va pas dispara\u00eetre et il est temps de prendre les bonnes mesures pour y faire face. Notre monde devra vivre avec ce r\u00e9chauffement pour le reste de son histoire, tout comme nous avons v\u00e9cu avec l\u2019h\u00e9ritage de la guerre nucl\u00e9aire du XXe si\u00e8cle. Notre devoir commun aujourd\u2019hui, en tant que peuple uni, est de prot\u00e9ger et de r\u00e9parer notre Terre, tout en nous pr\u00e9parant \u00e0 son avenir inconnu.<\/span><\/p>\n<p><span style=\"font-size: 12pt; color: #000000;\">Le film Climate Change and the Human Prospect documente la vision cr\u00e9\u00e9e lors de Climate Change and the Human Prospect: A Thinkers Retreat qui s&#039;est tenu au Thinkers Lodge \u00e0 Pugwash, en Nouvelle-\u00c9cosse.<\/span><\/p>\n<p><span style=\"font-size: 12pt; color: #000000;\">Dans le cadre fascinant du Thinkers Lodge, o\u00f9 des scientifiques et des universitaires du monde entier ont s\u00e9journ\u00e9 et abord\u00e9 les probl\u00e8mes les plus urgents de la plan\u00e8te gr\u00e2ce au pouvoir du dialogue, Climate Change and the Human Prospect capture les pens\u00e9es, les \u00e9motions et les id\u00e9es de ces penseurs - scientifiques, \u00e9conomistes, conseillers municipaux, planificateurs, artistes, militants communautaires, repr\u00e9sentants des Premi\u00e8res Nations et de la sagesse orientale et autres - alors qu&#039;ils articulent l&#039;impact en cascade du r\u00e9chauffement climatique sur les petites communaut\u00e9s rurales et c\u00f4ti\u00e8res et se concentrent sur des plans de lutte contre le changement climatique r\u00e9alisables, orient\u00e9s vers l&#039;avenir et ax\u00e9s sur le plan local.<\/span><\/p>\n<div class=\"et_pb_column et_pb_column_2_3 et_pb_column_1 et_pb_css_mix_blend_mode_passthrough et-last-child\">\n<div id=\"et-boc\">\n<div class=\"et_pb_text et_pb_module et_pb_bg_layout_light et_pb_text_align_left et_pb_text_3\">\n<div class=\"et_pb_text_inner\">\n<div class=\"et_pb_column et_pb_column_2_3 et_pb_column_1 et_pb_css_mix_blend_mode_passthrough et-last-child\">\n<div class=\"et_pb_text et_pb_module et_pb_bg_layout_light et_pb_text_align_left et_pb_text_1\">\n<div class=\"et_pb_text_inner\">\n<ul>\n<li><em>\u00ab Nous savons que nous n\u2019avons plus aucune chance de nous en sortir. Le r\u00e9chauffement climatique ne va pas dispara\u00eetre et il est temps de prendre les bonnes mesures pour y faire face. Notre monde devra vivre avec ce r\u00e9chauffement pour le reste de son histoire, tout comme nous avons v\u00e9cu avec l\u2019h\u00e9ritage de la guerre nucl\u00e9aire du XXe si\u00e8cle. Notre devoir commun aujourd\u2019hui, en tant que peuple uni, est de prot\u00e9ger et de r\u00e9parer notre Terre, tout en nous pr\u00e9parant \u00e0 ses inconnues futures. \u00bb \u2013 Pugwash, Nouvelle-\u00c9cosse<\/em><\/li>\n<\/ul>\n<p>&nbsp;<\/p>\n<\/div>\n<\/div>\n<\/div>\n<p>&nbsp;<\/p>\n<\/div>\n<\/div>\n<\/div>\n<\/div>","protected":false},"excerpt":{"rendered":"<p>A documentary by the CENTRE FOR LOCAL PROSPERITY Filmmaker Andrea Vandenboer Music and Sound Editing by Dillon Tonkin Will include a dialogue on climate change solutions by Warden Timothy Habinski [&hellip;]<\/p>\n","protected":false},"author":2,"featured_media":0,"template":"","meta":{"_acf_changed":false,"episode_type":"","audio_file":"","podmotor_file_id":"","podmotor_episode_id":"","cover_image":"","cover_image_id":"","duration":"","filesize":"","filesize_raw":"","date_recorded":"","explicit":"","block":"","itunes_episode_number":"","itunes_title":"","itunes_season_number":"","itunes_episode_type":"","_tribe_events_status":"","_tribe_events_status_reason":"","footnotes":""},"tags":[],"tribe_events_cat":[],"class_list":["post-3615","tribe_events","type-tribe_events","status-publish","hentry"],"blocksy_meta":[],"acf":[],"yoast_head":"<!-- This site is optimized with the Yoast SEO plugin v27.3 - https:\/\/yoast.com\/product\/yoast-seo-wordpress\/ -->\n<title>Climate Change and the Human Prospect - Centre For Local Prosperity<\/title>\n<meta name=\"robots\" content=\"index, follow, max-snippet:-1, max-image-preview:large, max-video-preview:-1\" \/>\n<link rel=\"canonical\" href=\"https:\/\/centreforlocalprosperity.ca\/fr\/event\/climate-change-and-the-human-prospect-9\/\" \/>\n<meta property=\"og:locale\" content=\"fr_CA\" \/>\n<meta property=\"og:type\" content=\"article\" \/>\n<meta property=\"og:title\" content=\"Climate Change and the Human Prospect - Centre For Local Prosperity\" \/>\n<meta property=\"og:description\" content=\"A documentary by the CENTRE FOR LOCAL PROSPERITY Filmmaker Andrea Vandenboer Music and Sound Editing by Dillon Tonkin Will include a dialogue on climate change solutions by Warden Timothy Habinski [&hellip;]\" \/>\n<meta property=\"og:url\" content=\"https:\/\/centreforlocalprosperity.ca\/fr\/event\/climate-change-and-the-human-prospect-9\/\" \/>\n<meta property=\"og:site_name\" content=\"Centre For Local Prosperity\" \/>\n<meta property=\"article:modified_time\" content=\"2018-11-17T21:57:21+00:00\" \/>\n<meta property=\"og:image\" content=\"https:\/\/centreforlocalprosperity.ca\/wp-content\/uploads\/2018\/08\/7848d097-b12a-484a-b1aa-ea50c06e1fe6-300x114.jpg\" \/>\n<meta name=\"twitter:label1\" content=\"Estimation du temps de lecture\" \/>\n\t<meta name=\"twitter:data1\" content=\"2 minutes\" \/>\n<script type=\"application\/ld+json\" class=\"yoast-schema-graph\">{\"@context\":\"https:\\\/\\\/schema.org\",\"@graph\":[{\"@type\":\"WebPage\",\"@id\":\"https:\\\/\\\/centreforlocalprosperity.ca\\\/event\\\/climate-change-and-the-human-prospect-9\\\/\",\"url\":\"https:\\\/\\\/centreforlocalprosperity.ca\\\/event\\\/climate-change-and-the-human-prospect-9\\\/\",\"name\":\"Climate Change and the Human Prospect - Centre For Local Prosperity\",\"isPartOf\":{\"@id\":\"https:\\\/\\\/centreforlocalprosperity.ca\\\/#website\"},\"primaryImageOfPage\":{\"@id\":\"https:\\\/\\\/centreforlocalprosperity.ca\\\/event\\\/climate-change-and-the-human-prospect-9\\\/#primaryimage\"},\"image\":{\"@id\":\"https:\\\/\\\/centreforlocalprosperity.ca\\\/event\\\/climate-change-and-the-human-prospect-9\\\/#primaryimage\"},\"thumbnailUrl\":\"https:\\\/\\\/centreforlocalprosperity.ca\\\/wp-content\\\/uploads\\\/2018\\\/08\\\/7848d097-b12a-484a-b1aa-ea50c06e1fe6-300x114.jpg\",\"datePublished\":\"2018-11-17T21:53:44+00:00\",\"dateModified\":\"2018-11-17T21:57:21+00:00\",\"breadcrumb\":{\"@id\":\"https:\\\/\\\/centreforlocalprosperity.ca\\\/event\\\/climate-change-and-the-human-prospect-9\\\/#breadcrumb\"},\"inLanguage\":\"fr-CA\",\"potentialAction\":[{\"@type\":\"ReadAction\",\"target\":[\"https:\\\/\\\/centreforlocalprosperity.ca\\\/event\\\/climate-change-and-the-human-prospect-9\\\/\"]}]},{\"@type\":\"ImageObject\",\"inLanguage\":\"fr-CA\",\"@id\":\"https:\\\/\\\/centreforlocalprosperity.ca\\\/event\\\/climate-change-and-the-human-prospect-9\\\/#primaryimage\",\"url\":\"https:\\\/\\\/centreforlocalprosperity.ca\\\/wp-content\\\/uploads\\\/2018\\\/08\\\/7848d097-b12a-484a-b1aa-ea50c06e1fe6-300x114.jpg\",\"contentUrl\":\"https:\\\/\\\/centreforlocalprosperity.ca\\\/wp-content\\\/uploads\\\/2018\\\/08\\\/7848d097-b12a-484a-b1aa-ea50c06e1fe6-300x114.jpg\"},{\"@type\":\"BreadcrumbList\",\"@id\":\"https:\\\/\\\/centreforlocalprosperity.ca\\\/event\\\/climate-change-and-the-human-prospect-9\\\/#breadcrumb\",\"itemListElement\":[{\"@type\":\"ListItem\",\"position\":1,\"name\":\"Home\",\"item\":\"https:\\\/\\\/centreforlocalprosperity.ca\\\/\"},{\"@type\":\"ListItem\",\"position\":2,\"name\":\"Events\",\"item\":\"https:\\\/\\\/centreforlocalprosperity.ca\\\/events\\\/\"},{\"@type\":\"ListItem\",\"position\":3,\"name\":\"Climate Change and the Human Prospect\"}]},{\"@type\":\"WebSite\",\"@id\":\"https:\\\/\\\/centreforlocalprosperity.ca\\\/#website\",\"url\":\"https:\\\/\\\/centreforlocalprosperity.ca\\\/\",\"name\":\"Centre For Local Prosperity\",\"description\":\"Building &amp; Sharing Local Prosperity In The Region\",\"publisher\":{\"@id\":\"https:\\\/\\\/centreforlocalprosperity.ca\\\/#organization\"},\"potentialAction\":[{\"@type\":\"SearchAction\",\"target\":{\"@type\":\"EntryPoint\",\"urlTemplate\":\"https:\\\/\\\/centreforlocalprosperity.ca\\\/?s={search_term_string}\"},\"query-input\":{\"@type\":\"PropertyValueSpecification\",\"valueRequired\":true,\"valueName\":\"search_term_string\"}}],\"inLanguage\":\"fr-CA\"},{\"@type\":\"Organization\",\"@id\":\"https:\\\/\\\/centreforlocalprosperity.ca\\\/#organization\",\"name\":\"Centre For Local Prosperity\",\"url\":\"https:\\\/\\\/centreforlocalprosperity.ca\\\/\",\"logo\":{\"@type\":\"ImageObject\",\"inLanguage\":\"fr-CA\",\"@id\":\"https:\\\/\\\/centreforlocalprosperity.ca\\\/#\\\/schema\\\/logo\\\/image\\\/\",\"url\":\"https:\\\/\\\/centreforlocalprosperity.ca\\\/wp-content\\\/uploads\\\/2014\\\/09\\\/login_cflp_375x44.png\",\"contentUrl\":\"https:\\\/\\\/centreforlocalprosperity.ca\\\/wp-content\\\/uploads\\\/2014\\\/09\\\/login_cflp_375x44.png\",\"width\":375,\"height\":44,\"caption\":\"Centre For Local Prosperity\"},\"image\":{\"@id\":\"https:\\\/\\\/centreforlocalprosperity.ca\\\/#\\\/schema\\\/logo\\\/image\\\/\"}}]}<\/script>\n<!-- \/ Yoast SEO plugin. -->","yoast_head_json":{"title":"Climate Change and the Human Prospect - Centre For Local Prosperity","robots":{"index":"index","follow":"follow","max-snippet":"max-snippet:-1","max-image-preview":"max-image-preview:large","max-video-preview":"max-video-preview:-1"},"canonical":"https:\/\/centreforlocalprosperity.ca\/fr\/event\/climate-change-and-the-human-prospect-9\/","og_locale":"fr_CA","og_type":"article","og_title":"Climate Change and the Human Prospect - Centre For Local Prosperity","og_description":"A documentary by the CENTRE FOR LOCAL PROSPERITY Filmmaker Andrea Vandenboer Music and Sound Editing by Dillon Tonkin Will include a dialogue on climate change solutions by Warden Timothy Habinski [&hellip;]","og_url":"https:\/\/centreforlocalprosperity.ca\/fr\/event\/climate-change-and-the-human-prospect-9\/","og_site_name":"Centre For Local Prosperity","article_modified_time":"2018-11-17T21:57:21+00:00","og_image":[{"url":"https:\/\/centreforlocalprosperity.ca\/wp-content\/uploads\/2018\/08\/7848d097-b12a-484a-b1aa-ea50c06e1fe6-300x114.jpg","type":"","width":"","height":""}],"twitter_misc":{"Estimation du temps de lecture":"2 minutes"},"schema":{"@context":"https:\/\/schema.org","@graph":[{"@type":"WebPage","@id":"https:\/\/centreforlocalprosperity.ca\/event\/climate-change-and-the-human-prospect-9\/","url":"https:\/\/centreforlocalprosperity.ca\/event\/climate-change-and-the-human-prospect-9\/","name":"Climate Change and the Human Prospect - Centre For Local Prosperity","isPartOf":{"@id":"https:\/\/centreforlocalprosperity.ca\/#website"},"primaryImageOfPage":{"@id":"https:\/\/centreforlocalprosperity.ca\/event\/climate-change-and-the-human-prospect-9\/#primaryimage"},"image":{"@id":"https:\/\/centreforlocalprosperity.ca\/event\/climate-change-and-the-human-prospect-9\/#primaryimage"},"thumbnailUrl":"https:\/\/centreforlocalprosperity.ca\/wp-content\/uploads\/2018\/08\/7848d097-b12a-484a-b1aa-ea50c06e1fe6-300x114.jpg","datePublished":"2018-11-17T21:53:44+00:00","dateModified":"2018-11-17T21:57:21+00:00","breadcrumb":{"@id":"https:\/\/centreforlocalprosperity.ca\/event\/climate-change-and-the-human-prospect-9\/#breadcrumb"},"inLanguage":"fr-CA","potentialAction":[{"@type":"ReadAction","target":["https:\/\/centreforlocalprosperity.ca\/event\/climate-change-and-the-human-prospect-9\/"]}]},{"@type":"ImageObject","inLanguage":"fr-CA","@id":"https:\/\/centreforlocalprosperity.ca\/event\/climate-change-and-the-human-prospect-9\/#primaryimage","url":"https:\/\/centreforlocalprosperity.ca\/wp-content\/uploads\/2018\/08\/7848d097-b12a-484a-b1aa-ea50c06e1fe6-300x114.jpg","contentUrl":"https:\/\/centreforlocalprosperity.ca\/wp-content\/uploads\/2018\/08\/7848d097-b12a-484a-b1aa-ea50c06e1fe6-300x114.jpg"},{"@type":"BreadcrumbList","@id":"https:\/\/centreforlocalprosperity.ca\/event\/climate-change-and-the-human-prospect-9\/#breadcrumb","itemListElement":[{"@type":"ListItem","position":1,"name":"Home","item":"https:\/\/centreforlocalprosperity.ca\/"},{"@type":"ListItem","position":2,"name":"Events","item":"https:\/\/centreforlocalprosperity.ca\/events\/"},{"@type":"ListItem","position":3,"name":"Climate Change and the Human Prospect"}]},{"@type":"WebSite","@id":"https:\/\/centreforlocalprosperity.ca\/#website","url":"https:\/\/centreforlocalprosperity.ca\/","name":"Centre pour la prosp\u00e9rit\u00e9 locale","description":"Building &amp; Sharing Local Prosperity In The Region","publisher":{"@id":"https:\/\/centreforlocalprosperity.ca\/#organization"},"potentialAction":[{"@type":"SearchAction","target":{"@type":"EntryPoint","urlTemplate":"https:\/\/centreforlocalprosperity.ca\/?s={search_term_string}"},"query-input":{"@type":"PropertyValueSpecification","valueRequired":true,"valueName":"search_term_string"}}],"inLanguage":"fr-CA"},{"@type":"Organization","@id":"https:\/\/centreforlocalprosperity.ca\/#organization","name":"Centre pour la prosp\u00e9rit\u00e9 locale","url":"https:\/\/centreforlocalprosperity.ca\/","logo":{"@type":"ImageObject","inLanguage":"fr-CA","@id":"https:\/\/centreforlocalprosperity.ca\/#\/schema\/logo\/image\/","url":"https:\/\/centreforlocalprosperity.ca\/wp-content\/uploads\/2014\/09\/login_cflp_375x44.png","contentUrl":"https:\/\/centreforlocalprosperity.ca\/wp-content\/uploads\/2014\/09\/login_cflp_375x44.png","width":375,"height":44,"caption":"Centre For Local Prosperity"},"image":{"@id":"https:\/\/centreforlocalprosperity.ca\/#\/schema\/logo\/image\/"}}]}},"jetpack_sharing_enabled":true,"_links":{"self":[{"href":"https:\/\/centreforlocalprosperity.ca\/fr\/wp-json\/wp\/v2\/tribe_events\/3615","targetHints":{"allow":["GET"]}}],"collection":[{"href":"https:\/\/centreforlocalprosperity.ca\/fr\/wp-json\/wp\/v2\/tribe_events"}],"about":[{"href":"https:\/\/centreforlocalprosperity.ca\/fr\/wp-json\/wp\/v2\/types\/tribe_events"}],"author":[{"embeddable":true,"href":"https:\/\/centreforlocalprosperity.ca\/fr\/wp-json\/wp\/v2\/users\/2"}],"version-history":[{"count":0,"href":"https:\/\/centreforlocalprosperity.ca\/fr\/wp-json\/wp\/v2\/tribe_events\/3615\/revisions"}],"wp:attachment":[{"href":"https:\/\/centreforlocalprosperity.ca\/fr\/wp-json\/wp\/v2\/media?parent=3615"}],"wp:term":[{"taxonomy":"post_tag","embeddable":true,"href":"https:\/\/centreforlocalprosperity.ca\/fr\/wp-json\/wp\/v2\/tags?post=3615"},{"taxonomy":"tribe_events_cat","embeddable":true,"href":"https:\/\/centreforlocalprosperity.ca\/fr\/wp-json\/wp\/v2\/tribe_events_cat?post=3615"}],"curies":[{"name":"wp","href":"https:\/\/api.w.org\/{rel}","templated":true}]}}